{"id":170,"date":"2015-05-14T18:59:02","date_gmt":"2015-05-14T18:59:02","guid":{"rendered":"http:\/\/tdch.be\/WP3\/?page_id=170"},"modified":"2020-07-14T11:20:49","modified_gmt":"2020-07-14T11:20:49","slug":"infos-pratiques-triathlon-wegimont-soumagne","status":"publish","type":"page","link":"http:\/\/tdch.be\/WP3\/infos-pratiques-triathlon-wegimont-soumagne\/","title":{"rendered":"Infos pratiques WEGIMAN TRIATHLON 13 septembre 2020"},"content":{"rendered":"<h1>Triathlon promo individuel<\/h1>\n<ul>\n<li>30\u20ac<\/li>\n<\/ul>\n<h1>Triathlon promo \u00e9quipe<\/h1>\n<ul>\n<li>40\u20ac<\/li>\n<\/ul>\n<p>Age minimum : 15 ans en individuel et 12 ans en \u00e9quipe pour la partie natation et course \u00e0 pied. En cas de non-participation, il n\u2019y aura pas de remboursement. Si pour une raison quelconque le triathlon devrait \u00eatre annul\u00e9 par l\u2019organisateur, le remboursement de l\u2019inscription sera effectu\u00e9 en d\u00e9duction de 10 % de frais administratifs (27 \u20ac pour la comp\u00e9tition individuel et 36 \u20ac pour la course par \u00e9quipe).<\/p>\n<p>Les consignes COVID en vigueur le 13 septembre 2020 devront \u00eatre respect\u00e9es. Vestiaires et douches disponibles pour hommes et dames, sauf si les consignes li\u00e9es au COVID ne savent pas \u00eatre respect\u00e9es.<\/p>\n<p>Contact : \u2013 <a href=\"mailto:WegiMan.info@gmail.com\">WegiMan.info@gmail.com<\/a><\/p>\n<h1>Documents \u00e0 pr\u00e9senter le jour de la course<\/h1>\n<ul>\n<li>licence de triathlon ou certificat m\u00e9dical d&rsquo;aptitude \u00e0 l&rsquo;effort valide de 3 mois ou <a href=\"http:\/\/tdch.be\/WP3\/wp-content\/uploads\/2019\/04\/DechargeWegiman.pdf\" target=\"_blank\" rel=\"noopener noreferrer\"><span style=\"text-decoration: underline;\">document de d\u00e9charge<\/span><\/a> t\u00e9l\u00e9charg\u00e9 et compl\u00e9t\u00e9 (sauf num\u00e9ro de dossard).<\/li>\n<\/ul>\n<h1>R\u00e8glement<\/h1>\n<ul>\n<li>Une inspection du casque et de s\u00e9curit\u00e9 du v\u00e9lo, dont les freins est pr\u00e9vue &#8211; vous \u00eates responsables de votre propre s\u00e9curit\u00e9.<\/li>\n<li>Natation sans combinaison n\u00e9opr\u00e8ne<\/li>\n<li>Sur le parcours v\u00e9lo, le code de la route sera de stricte application<\/li>\n<li>Drafting interdit<\/li>\n<\/ul>\n<p><em><span style=\"text-decoration: underline;\"><span style=\"color: #0066cc;\">\u00a0<\/span><\/span><\/em> <a href=\"http:\/\/xrun.be\" target=\"_blank\" rel=\"noopener noreferrer\"><em><img loading=\"lazy\" decoding=\"async\" class=\"alignnone  wp-image-465\" src=\"http:\/\/tdch.be\/WP3\/wp-content\/uploads\/2015\/03\/logo-xrun.png\" alt=\"logo xrun\" width=\"452\" height=\"235\" \/><\/em><\/a> <a href=\"http:\/\/www.pointchaud.be\/0149\/fr\/225\/BARCHON\" target=\"_blank\" rel=\"noopener noreferrer\"><em><img loading=\"lazy\" decoding=\"async\" class=\"alignnone  wp-image-462\" src=\"http:\/\/tdch.be\/WP3\/wp-content\/uploads\/2015\/03\/logo-point-chaud-copie.jpg\" alt=\"logo point chaud copie\" width=\"215\" height=\"133\" \/><\/em><\/a><a href=\"http:\/\/tdch.be\/WP3\/wp-content\/uploads\/2015\/03\/logo-alexmaxi.jpg\" target=\"_blank\" rel=\"noopener noreferrer\"><em><img loading=\"lazy\" decoding=\"async\" class=\"alignnone  wp-image-234\" src=\"http:\/\/tdch.be\/WP3\/wp-content\/uploads\/2015\/03\/logo-alexmini.jpg\" alt=\"logo alexmini\" width=\"216\" height=\"151\" \/><\/em><\/a><a href=\"http:\/\/www.bellycolor.com\/\" target=\"_blank\" rel=\"noopener noreferrer\"><em><img loading=\"lazy\" decoding=\"async\" class=\"size-thumbnail wp-image-214 alignnone\" src=\"http:\/\/tdch.be\/WP3\/wp-content\/uploads\/2015\/03\/logo-bellycolor.jpg\" alt=\"logo bellycolor\" width=\"150\" height=\"150\" \/><\/em><\/a><a href=\"http:\/\/www.galler.com\" target=\"_blank\" rel=\"noopener noreferrer\"><em><img loading=\"lazy\" decoding=\"async\" class=\"alignnone size-full wp-image-461\" src=\"http:\/\/tdch.be\/WP3\/wp-content\/uploads\/2015\/03\/logo-galler.jpg\" alt=\"logo galler\" width=\"150\" height=\"150\" \/><\/em><\/a><a href=\"http:\/\/www.willemssound.be\" target=\"_blank\" rel=\"noopener noreferrer\"><em>\u00a0<\/em><\/a>\u00a0\u00a0 <a href=\"http:\/\/www.e-xstream.com\/\" target=\"_blank\" rel=\"noopener noreferrer\"><img loading=\"lazy\" decoding=\"async\" class=\"alignnone size-full wp-image-687\" src=\"http:\/\/tdch.be\/WP3\/wp-content\/uploads\/2015\/03\/eXstream.jpg\" alt=\"eXstream\" width=\"150\" height=\"59\" \/><\/a>\u00a0<a href=\"http:\/\/www.soumagne.be\/\" target=\"_blank\" rel=\"noopener noreferrer\"><em><img loading=\"lazy\" decoding=\"async\" class=\"alignnone size-full wp-image-228\" src=\"http:\/\/tdch.be\/WP3\/wp-content\/uploads\/2015\/03\/logo-communesoumagne.jpg\" alt=\"logo communesoumagne\" width=\"150\" height=\"95\" \/><\/em><\/a><a href=\"http:\/\/www.provincedeliege.be\/\" target=\"_blank\" rel=\"noopener noreferrer\"><em><img loading=\"lazy\" decoding=\"async\" class=\"size-thumbnail wp-image-220 alignnone\" src=\"http:\/\/tdch.be\/WP3\/wp-content\/uploads\/2015\/03\/logo-province-li\u00e8ge.jpg\" alt=\"logo province li\u00e8ge\" width=\"150\" height=\"98\" \/><\/em><\/a><em><img loading=\"lazy\" decoding=\"async\" class=\"alignnone size-thumbnail wp-image-217\" src=\"http:\/\/tdch.be\/WP3\/wp-content\/uploads\/2015\/03\/logo-communaut\u00e9-fran\u00e7aise.gif\" alt=\"logo adeps\" width=\"1\" height=\"1\" \/> <\/em><em><img loading=\"lazy\" decoding=\"async\" class=\"alignnone size-thumbnail wp-image-217\" src=\"http:\/\/tdch.be\/WP3\/wp-content\/uploads\/2015\/03\/logo-communaut\u00e9-fran\u00e7aise.gif\" alt=\"logo communaut\u00e9 fran\u00e7aise\" width=\"1\" height=\"1\" \/><a href=\"http:\/\/www.herve.be\/fr\/\" target=\"_blank\" rel=\"noopener noreferrer\"><img loading=\"lazy\" decoding=\"async\" class=\"alignnone size-full wp-image-595\" src=\"http:\/\/tdch.be\/WP3\/wp-content\/uploads\/2015\/03\/Herve.jpg\" alt=\"Herve_PartenaireCCF\" width=\"150\" height=\"109\" \/><\/a>\u00a0 <\/em><\/p>\n","protected":false},"excerpt":{"rendered":"<p>Triathlon promo individuel 30\u20ac Triathlon promo \u00e9quipe 40\u20ac Age minimum : 15 ans en individuel et 12 ans en \u00e9quipe pour la partie natation et course \u00e0 pied. En cas de non-participation, il n\u2019y aura pas de remboursement. Si pour une raison quelconque le triathlon devrait \u00eatre annul\u00e9 par l\u2019organisateur, le remboursement de l\u2019inscription sera [&hellip;]<\/p>\n","protected":false},"author":1,"featured_media":0,"parent":0,"menu_order":0,"comment_status":"closed","ping_status":"open","template":"","meta":{"footnotes":""},"class_list":["post-170","page","type-page","status-publish","hentry"],"_links":{"self":[{"href":"http:\/\/tdch.be\/WP3\/wp-json\/wp\/v2\/pages\/170","targetHints":{"allow":["GET"]}}],"collection":[{"href":"http:\/\/tdch.be\/WP3\/wp-json\/wp\/v2\/pages"}],"about":[{"href":"http:\/\/tdch.be\/WP3\/wp-json\/wp\/v2\/types\/page"}],"author":[{"embeddable":true,"href":"http:\/\/tdch.be\/WP3\/wp-json\/wp\/v2\/users\/1"}],"replies":[{"embeddable":true,"href":"http:\/\/tdch.be\/WP3\/wp-json\/wp\/v2\/comments?post=170"}],"version-history":[{"count":42,"href":"http:\/\/tdch.be\/WP3\/wp-json\/wp\/v2\/pages\/170\/revisions"}],"predecessor-version":[{"id":873,"href":"http:\/\/tdch.be\/WP3\/wp-json\/wp\/v2\/pages\/170\/revisions\/873"}],"wp:attachment":[{"href":"http:\/\/tdch.be\/WP3\/wp-json\/wp\/v2\/media?parent=170"}],"curies":[{"name":"wp","href":"https:\/\/api.w.org\/{rel}","templated":true}]}}